{"id":271,"date":"2012-07-11T11:31:13","date_gmt":"2012-07-11T11:31:13","guid":{"rendered":"https:\/\/eakk.ee\/?page_id=271"},"modified":"2025-09-01T08:06:42","modified_gmt":"2025-09-01T08:06:42","slug":"galerii","status":"publish","type":"page","link":"https:\/\/eakk.ee\/?page_id=271","title":{"rendered":"Galerii"},"content":{"rendered":"<ul>\n<li><a href=\"https:\/\/eakk.ee\/?page_id=9201\">Emeriitpeapiiskopi kuldpulmas P\u00e4rnus<\/a><\/li>\n<li><a href=\"https:\/\/eakk.ee\/?page_id=3176\">20.11.2016. K\u00f5iksuse Kuninga Jeesuse Kristuse Suurp\u00fcha Missa <\/a><\/li>\n<li><a href=\"https:\/\/eakk.ee\/?page_id=2591\">03.04.2016. Avamissa endises P\u00fcha Katariina sakristeeriumis <\/a><\/li>\n<li><a href=\"https:\/\/eakk.ee\/?page_id=2298\">27.12.2015. III j\u00f5ulup\u00fcha missa Tallinnas <\/a><\/li>\n<li><a href=\"https:\/\/eakk.ee\/?page_id=2199\">21.11.2015. Raivo Kodanik p\u00fchitseti piiskopiks<\/a><\/li>\n<li><a href=\"https:\/\/eakk.ee\/?page_id=2174\">05.11.2015. Kardinal Ritsbek \u00f5nnitles prelaat Vello Salot ta 90. juubelil <\/a><\/li>\n<li><a href=\"https:\/\/eakk.ee\/?page_id=2005\">03.05.2015. EAKK III aastap\u00e4eva missa <\/a><\/li>\n<li><a href=\"https:\/\/eakk.ee\/?page_id=1723\">23.11.2014. Kuningas Kristuse p\u00fcha missa P\u00fcha Kolmainsuse koguduses <\/a><\/li>\n<li><a href=\"https:\/\/eakk.ee\/?page_id=1677\">18.10.2014. P\u00fcha Luukap\u00e4eva missa Tartus<\/a><\/li>\n<li><a href=\"https:\/\/eakk.ee\/?page_id=1570\">24.08.2014. Priimas dr Ritsbeki piiskopiks p\u00fchitsemise II aastap\u00e4ev<\/a><\/li>\n<li><a href=\"https:\/\/eakk.ee\/?page_id=1518\">08.06.2014. Nelip\u00fchi missa Saha kabelis<\/a><\/li>\n<li><a href=\"https:\/\/eakk.ee\/?page_id=1455\">04.05.2014. Eesti Anglokatoliku Kiriku II aastap\u00e4ev<\/a><\/li>\n<li><a href=\"https:\/\/eakk.ee\/?page_id=1405\">19.04.2014. Kesk\u00f6\u00f6missa Saha kabelis<\/a><\/li>\n<li><a href=\"https:\/\/eakk.ee\/?page_id=1216\">05.10.2013. Rapla koguduse avamissa<\/a><\/li>\n<li><a href=\"https:\/\/eakk.ee\/?page_id=995\">27.07-28.07.2013. I HCCI Euroopa konvent L\u00e4tis 2013<\/a><\/li>\n<li><a href=\"https:\/\/eakk.ee\/?page_id=921\">05.05.2013. Raivo Kodanik p\u00fchitseti preestriks<\/a><\/li>\n<li><a href=\"https:\/\/eakk.ee\/?page_id=607\">18.11.2012. Raivo Kodanik p\u00fchitseti diakoniks<\/a><\/li>\n<li><a href=\"https:\/\/eakk.ee\/?page_id=507\">02.09.2012. Isa Ritsbek viibis \u00fcheksa p\u00e4eva Aafrikas<\/a><\/li>\n<li><a href=\"https:\/\/eakk.ee\/?page_id=299\">01.07.2012. Esimene Tallinna P\u00fcha Kolmainsuse katedraali missa<\/a><\/li>\n<\/ul>\n","protected":false},"excerpt":{"rendered":"<p>Emeriitpeapiiskopi kuldpulmas P\u00e4rnus 20.11.2016. K\u00f5iksuse Kuninga Jeesuse Kristuse Suurp\u00fcha Missa 03.04.2016. Avamissa endises P\u00fcha Katariina sakristeeriumis 27.12.2015. III j\u00f5ulup\u00fcha missa Tallinnas 21.11.2015. Raivo Kodanik p\u00fchitseti piiskopiks 05.11.2015. Kardinal Ritsbek \u00f5nnitles prelaat Vello Salot ta 90. juubelil 03.05.2015. EAKK III aastap\u00e4eva &hellip; <a href=\"https:\/\/eakk.ee\/?page_id=271\">J\u00e4tka lugemist <span class=\"meta-nav\">&rarr;<\/span><\/a><\/p>\n","protected":false},"author":1,"featured_media":0,"parent":0,"menu_order":2,"comment_status":"open","ping_status":"open","template":"","meta":{"_exactmetrics_skip_tracking":false,"_exactmetrics_sitenote_active":false,"_exactmetrics_sitenote_note":"","_exactmetrics_sitenote_category":0,"footnotes":""},"class_list":["post-271","page","type-page","status-publish","hentry"],"_links":{"self":[{"href":"https:\/\/eakk.ee\/index.php?rest_route=\/wp\/v2\/pages\/271","targetHints":{"allow":["GET"]}}],"collection":[{"href":"https:\/\/eakk.ee\/index.php?rest_route=\/wp\/v2\/pages"}],"about":[{"href":"https:\/\/eakk.ee\/index.php?rest_route=\/wp\/v2\/types\/page"}],"author":[{"embeddable":true,"href":"https:\/\/eakk.ee\/index.php?rest_route=\/wp\/v2\/users\/1"}],"replies":[{"embeddable":true,"href":"https:\/\/eakk.ee\/index.php?rest_route=%2Fwp%2Fv2%2Fcomments&post=271"}],"version-history":[{"count":5,"href":"https:\/\/eakk.ee\/index.php?rest_route=\/wp\/v2\/pages\/271\/revisions"}],"predecessor-version":[{"id":9304,"href":"https:\/\/eakk.ee\/index.php?rest_route=\/wp\/v2\/pages\/271\/revisions\/9304"}],"wp:attachment":[{"href":"https:\/\/eakk.ee\/index.php?rest_route=%2Fwp%2Fv2%2Fmedia&parent=271"}],"curies":[{"name":"wp","href":"https:\/\/api.w.org\/{rel}","templated":true}]}}